{"id":5532,"date":"2024-09-27T10:54:35","date_gmt":"2024-09-27T07:54:35","guid":{"rendered":"https:\/\/www.dentaglobal.com\/hekimler\/dds-phd-mehmet-sonmez\/"},"modified":"2025-07-28T13:18:53","modified_gmt":"2025-07-28T10:18:53","slug":"dds-phd-mehmet-sonmez","status":"publish","type":"hekimler","link":"https:\/\/www.dentaglobal.com\/it\/hekimler\/dds-phd-mehmet-sonmez\/","title":{"rendered":"DDS. PhD. Mehmet S\u00f6nmez"},"content":{"rendered":"\n<p><strong>Curriculum accademico<\/strong><\/p>\n\n\n\n<ul class=\"wp-block-list\">\n<li>1973-1978 Universit\u00e0 Ege, Facolt\u00e0 di Odontoiatria<\/li>\n\n\n\n<li>1989-1994 Universit\u00e0 Ege, Facolt\u00e0 di Odontoiatria, Dipartimento di Protesi Dentaria (PHD)<\/li>\n<\/ul>\n\n\n\n<p><strong>Esperienze lavorative:<\/strong><\/p>\n\n\n\n<ul class=\"wp-block-list\">\n<li>1978-1979-Ospedale Statale di Kula \/ Manisa<\/li>\n\n\n\n<li>1979-1980-\u015eirinyer 4. Centro Medico \u015eirinyer \/ Smirne<\/li>\n\n\n\n<li>1980-Centro Medico di Smirne<\/li>\n\n\n\n<li>1980-1992-Izmir Konak Dental Hospital e Formazione odontoiatrica Izmir<\/li>\n\n\n\n<li>1992-1994-Centro Medico Torbal\u0131 Torbal\u0131 \/ Smirne<\/li>\n\n\n\n<li>1994-2005 Izmir State Dental Hospital-Dipartimento di protesi e Implantologie Izmir \/ T\u00fcrkiye<\/li>\n\n\n\n<li>2005-2010 Dentim Dental Clinic<\/li>\n\n\n\n<li>2010-2018 CTG Centro di salute orale e dentale<\/li>\n\n\n\n<li>2018-DENTAGLOBAL Clinica per la salute orale e dentale<\/li>\n<\/ul>\n\n\n\n<p><strong>Efficienze cliniche:<\/strong><\/p>\n\n\n\n<ul class=\"wp-block-list\">\n<li>Applicazioni di Implantologia e Protesi Conservativa.<\/li>\n\n\n\n<li>Applicazioni restaurative e adesive avanzate<\/li>\n\n\n\n<li>Trattamenti protesici e implantari mascella \u2013 Facciale supportati<\/li>\n<\/ul>\n\n\n\n<p><strong>Iscrizioni professionali:<\/strong><\/p>\n\n\n\n<ul class=\"wp-block-list\">\n<li>Associazione di Implantologia turca<\/li>\n\n\n\n<li>Associazione dell'Accademia di Odontoiatria Estetica Turchia<\/li>\n\n\n\n<li>Associazione di Estetica Odontoiatria Academy Inghilterra<\/li>\n<\/ul>\n\n\n\n<p><strong>Articoli pubblicati:<\/strong><\/p>\n\n\n\n<p>\u00a0\u00a0\u00a0\u00a0\u00a0\u00a0 1. E Aras, S \u00c7\u00f6tert, M Sonmez, Y Kabaday\u0131, M Zora, M Alma\u00e7. Applicazioni implantari subperiostee e intraossee: Impianti bubperistici: Implantologie orali Magasine. 1995:2:75-89<\/p>\n\n\n\n<p>\u00a0\u00a0\u00a0\u00a0\u00a0\u00a0 2. E Aras, O Gunhan, HS \u00c7\u00f6tert, M S\u00f6nmez, B karc\u0131, M Alma\u00e7. Soluzioni alternative e problemi sui sistemi di Implantologia. Ege University Faculty of Dentistry, 1996: 17; 16-18.<\/p>\n\n\n\n<p>\u00a0\u00a0\u00a0\u00a0\u00a0\u00a0 3. E Aras, O Gunhan, B Karc\u0131, S \u00c7\u00f6tert, M S\u00f6nmez, L Kabaday\u0131, Metodi di trattamento combinati e applicazioni ricostruttive per l'ortogenetica implantare Chi, quando, cosa?<\/p>\n\n\n\n<p>Primo Congresso internazionale della Turkish Dentistry Association, 1993 Izmir Presentazione verbale.<\/p>\n\n\n\n<p>\u00a0\u00a0\u00a0\u00a0\u00a0\u00a0 4. M S\u00f6nmez, E Aras, L Kabaday\u0131, RP4 ve RP5 Applicazioni di metodi su protesi con supporto di impianti<\/p>\n\n\n\n<p>Secondo Congresso Internazionale dell'Associazione turca di odontoiatria, 1994 Izmir Presentazione verbale<\/p>\n\n\n\n<p>\u00a0\u00a0\u00a0\u00a0\u00a0  5.\u00a0 M S\u00f6nmez, L Kabaday\u0131, O Berksan, E Aras. Problemi riscontrati su impianti con protesi Intraosseus-Cinque anni di lavoro articolo \u2013<\/p>\n\n\n\n<p>&nbsp;&nbsp;&nbsp;&nbsp;&nbsp;&nbsp;&nbsp;&nbsp;&nbsp;&nbsp; Primo Congresso Nazionale di Odontoiatria turca, 1995 Izmir, Presentazione verbale<\/p>\n\n\n\n<p>&nbsp;&nbsp;&nbsp;&nbsp;&nbsp;&nbsp; 6. M S\u00f6nmez, L Kabaday\u0131, M K\u00f6se, M Sabanc\u0131, O Berksan, E Aras. Utilizzo del poliacetale come soluzione contro i problemi di riempimento su impianti intraossei, International Congres, Turkish Dentistry Foundation 1995 Ankara, Presentazione verbale.<\/p>\n\n\n\n<p>&nbsp;&nbsp;&nbsp;&nbsp;&nbsp;&nbsp; 7. E Aras, S \u00c7\u00f6tert, M S\u00f6nmez, L Kabaday\u0131, Y Uran, M Alma\u00e7, M Zora, Dynamical Compression Technics and Implant Practices Ege Univ. Facolt\u00e0 di Odontoiatria, Dipartimento di Protesica Progetto di ricerca 1995, Izmir<\/p>\n\n\n\n<p>&nbsp;&nbsp;&nbsp;&nbsp;&nbsp;&nbsp; 8. L Kabaday\u0131, M S\u00f6nmez, I K\u00fcrk\u00e7\u00fco\u011flu, Esperienze su impianti Osseousintegrated steri-oss Otto anni di lavoro Articolo<\/p>\n\n\n\n<p>&nbsp;&nbsp;&nbsp;&nbsp;&nbsp;&nbsp;&nbsp;&nbsp;&nbsp;&nbsp; Quarto Congresso della Comunit\u00e0 Stomoatologica Balcanica, Presentazione poster, 1999, Istanbul<\/p>\n\n\n\n<p>&nbsp;&nbsp;&nbsp;&nbsp;&nbsp;&nbsp; 9. S\u00f6nmez M. Trattamenti protesici di Misch P2, P4 ve P5 situazioni, Associazione di Implantologie e Protesi turche<\/p>\n\n\n\n<p>&nbsp;&nbsp;&nbsp;&nbsp;&nbsp;&nbsp;&nbsp;&nbsp;&nbsp;&nbsp; Quarto Congresso Internazionale 11-13 10.1991 Ankara, Presentazione verbale<\/p>\n\n\n\n<p>Corso:<\/p>\n\n\n\n<ol class=\"wp-block-list\">\n<li>Inalazione, sedazione cosciente e Implantologia, Ossimetri di impulsi su interventi chirurgici orali ed endodonzia. Turkish Prosthodontics and Implantologie Association IV Congresso Internazionale 11-13 10.1991<\/li>\n\n\n\n<li>Casi di ferite aperte e trattamento chirurgico del prognatismo, secondo ENT? , Simposio Audiovisivo per le malattie della testa e del collo dell'utero 8-10 5.1992 Izmir<\/li>\n\n\n\n<li>Sedazione Inalazione Ossigeno \/ Proxites Nytrogene, Turkish Dentistry Foundation Primo Congresso Internazionale<\/li>\n\n\n\n<li>Casi estremi e classici, Trattamento Ortognatico e Implantologia. Turkish Dentistry Foundation Primo Congresso Internazionale<\/li>\n<\/ol>\n\n\n\n<p><\/p>\n","protected":false},"featured_media":5533,"template":"","class_list":["post-5532","hekimler","type-hekimler","status-publish","has-post-thumbnail","hentry"],"yoast_head":"<!-- This site is optimized with the Yoast SEO plugin v27.5 - https:\/\/yoast.com\/product\/yoast-seo-wordpress\/ -->\n<title>DDS. PhD. Mehmet S\u00f6nmez - Dentaglobal<\/title>\n<meta name=\"description\" content=\"Curriculum accademico 1973-1978 Universit\u00e0 Ege, Facolt\u00e0 di Odontoiatria 1989-1994 Universit\u00e0 Ege, Facolt\u00e0 di Odontoiatria, Dipartimento di Protesi\" \/>\n<meta name=\"robots\" content=\"index, follow, max-snippet:-1, max-image-preview:large, max-video-preview:-1\" \/>\n<link rel=\"canonical\" href=\"https:\/\/www.dentaglobal.com\/it\/hekimler\/dds-phd-mehmet-sonmez\/\" \/>\n<meta property=\"og:locale\" content=\"it_IT\" \/>\n<meta property=\"og:type\" content=\"article\" \/>\n<meta property=\"og:title\" content=\"DDS. PhD. Mehmet S\u00f6nmez - Dentaglobal\" \/>\n<meta property=\"og:description\" content=\"Curriculum accademico 1973-1978 Universit\u00e0 Ege, Facolt\u00e0 di Odontoiatria 1989-1994 Universit\u00e0 Ege, Facolt\u00e0 di Odontoiatria, Dipartimento di Protesi\" \/>\n<meta property=\"og:url\" content=\"https:\/\/www.dentaglobal.com\/it\/hekimler\/dds-phd-mehmet-sonmez\/\" \/>\n<meta property=\"og:site_name\" content=\"Dentaglobal\" \/>\n<meta property=\"article:publisher\" content=\"https:\/\/www.facebook.com\/dentaglobal\" \/>\n<meta property=\"article:modified_time\" content=\"2025-07-28T10:18:53+00:00\" \/>\n<meta property=\"og:image\" content=\"https:\/\/www.dentaglobal.com\/wp-content\/uploads\/2024\/09\/dscf2884_8f4f7-1.jpg\" \/>\n\t<meta property=\"og:image:width\" content=\"667\" \/>\n\t<meta property=\"og:image:height\" content=\"1000\" \/>\n\t<meta property=\"og:image:type\" content=\"image\/jpeg\" \/>\n<meta name=\"twitter:card\" content=\"summary_large_image\" \/>\n<meta name=\"twitter:label1\" content=\"Tempo di lettura stimato\" \/>\n\t<meta name=\"twitter:data1\" content=\"4 minuti\" \/>\n<script type=\"application\/ld+json\" class=\"yoast-schema-graph\">{\"@context\":\"https:\\\/\\\/schema.org\",\"@graph\":[{\"@type\":\"WebPage\",\"@id\":\"https:\\\/\\\/www.dentaglobal.com\\\/it\\\/hekimler\\\/dds-phd-mehmet-sonmez\\\/\",\"url\":\"https:\\\/\\\/www.dentaglobal.com\\\/it\\\/hekimler\\\/dds-phd-mehmet-sonmez\\\/\",\"name\":\"DDS. PhD. Mehmet S\u00f6nmez - Dentaglobal\",\"isPartOf\":{\"@id\":\"https:\\\/\\\/www.dentaglobal.com\\\/it\\\/#website\"},\"primaryImageOfPage\":{\"@id\":\"https:\\\/\\\/www.dentaglobal.com\\\/it\\\/hekimler\\\/dds-phd-mehmet-sonmez\\\/#primaryimage\"},\"image\":{\"@id\":\"https:\\\/\\\/www.dentaglobal.com\\\/it\\\/hekimler\\\/dds-phd-mehmet-sonmez\\\/#primaryimage\"},\"thumbnailUrl\":\"https:\\\/\\\/www.dentaglobal.com\\\/wp-content\\\/uploads\\\/2024\\\/09\\\/dscf2884_8f4f7-1.jpg\",\"datePublished\":\"2024-09-27T07:54:35+00:00\",\"dateModified\":\"2025-07-28T10:18:53+00:00\",\"description\":\"Curriculum accademico 1973-1978 Universit\u00e0 Ege, Facolt\u00e0 di Odontoiatria 1989-1994 Universit\u00e0 Ege, Facolt\u00e0 di Odontoiatria, Dipartimento di Protesi\",\"breadcrumb\":{\"@id\":\"https:\\\/\\\/www.dentaglobal.com\\\/it\\\/hekimler\\\/dds-phd-mehmet-sonmez\\\/#breadcrumb\"},\"inLanguage\":\"it-IT\",\"potentialAction\":[{\"@type\":\"ReadAction\",\"target\":[\"https:\\\/\\\/www.dentaglobal.com\\\/it\\\/hekimler\\\/dds-phd-mehmet-sonmez\\\/\"]}]},{\"@type\":\"ImageObject\",\"inLanguage\":\"it-IT\",\"@id\":\"https:\\\/\\\/www.dentaglobal.com\\\/it\\\/hekimler\\\/dds-phd-mehmet-sonmez\\\/#primaryimage\",\"url\":\"https:\\\/\\\/www.dentaglobal.com\\\/wp-content\\\/uploads\\\/2024\\\/09\\\/dscf2884_8f4f7-1.jpg\",\"contentUrl\":\"https:\\\/\\\/www.dentaglobal.com\\\/wp-content\\\/uploads\\\/2024\\\/09\\\/dscf2884_8f4f7-1.jpg\",\"width\":667,\"height\":1000},{\"@type\":\"BreadcrumbList\",\"@id\":\"https:\\\/\\\/www.dentaglobal.com\\\/it\\\/hekimler\\\/dds-phd-mehmet-sonmez\\\/#breadcrumb\",\"itemListElement\":[{\"@type\":\"ListItem\",\"position\":1,\"name\":\"Anasayfa\",\"item\":\"https:\\\/\\\/www.dentaglobal.com\\\/it\\\/\"},{\"@type\":\"ListItem\",\"position\":2,\"name\":\"DDS. PhD. Mehmet S\u00f6nmez\"}]},{\"@type\":\"WebSite\",\"@id\":\"https:\\\/\\\/www.dentaglobal.com\\\/it\\\/#website\",\"url\":\"https:\\\/\\\/www.dentaglobal.com\\\/it\\\/\",\"name\":\"Dentaglobal Dental Clinic\",\"description\":\"Everyone Smiles in Same Language\",\"publisher\":{\"@id\":\"https:\\\/\\\/www.dentaglobal.com\\\/it\\\/#organization\"},\"potentialAction\":[{\"@type\":\"SearchAction\",\"target\":{\"@type\":\"EntryPoint\",\"urlTemplate\":\"https:\\\/\\\/www.dentaglobal.com\\\/it\\\/?s={search_term_string}\"},\"query-input\":{\"@type\":\"PropertyValueSpecification\",\"valueRequired\":true,\"valueName\":\"search_term_string\"}}],\"inLanguage\":\"it-IT\"},{\"@type\":\"Organization\",\"@id\":\"https:\\\/\\\/www.dentaglobal.com\\\/it\\\/#organization\",\"name\":\"Dentaglobal Dental Clinic\",\"url\":\"https:\\\/\\\/www.dentaglobal.com\\\/it\\\/\",\"logo\":{\"@type\":\"ImageObject\",\"inLanguage\":\"it-IT\",\"@id\":\"https:\\\/\\\/www.dentaglobal.com\\\/it\\\/#\\\/schema\\\/logo\\\/image\\\/\",\"url\":\"https:\\\/\\\/www.dentaglobal.com\\\/wp-content\\\/uploads\\\/2024\\\/10\\\/logo-en.png\",\"contentUrl\":\"https:\\\/\\\/www.dentaglobal.com\\\/wp-content\\\/uploads\\\/2024\\\/10\\\/logo-en.png\",\"width\":343,\"height\":73,\"caption\":\"Dentaglobal Dental Clinic\"},\"image\":{\"@id\":\"https:\\\/\\\/www.dentaglobal.com\\\/it\\\/#\\\/schema\\\/logo\\\/image\\\/\"},\"sameAs\":[\"https:\\\/\\\/www.facebook.com\\\/dentaglobal\",\"https:\\\/\\\/www.instagram.com\\\/dentaglobal\\\/\",\"https:\\\/\\\/www.youtube.com\\\/channel\\\/UCTIlJImKSlGyEHsrNxcosVQ\"]}]}<\/script>\n<!-- \/ Yoast SEO plugin. -->","yoast_head_json":{"title":"DDS. PhD. Mehmet S\u00f6nmez - Dentaglobal","description":"Curriculum accademico 1973-1978 Universit\u00e0 Ege, Facolt\u00e0 di Odontoiatria 1989-1994 Universit\u00e0 Ege, Facolt\u00e0 di Odontoiatria, Dipartimento di Protesi","robots":{"index":"index","follow":"follow","max-snippet":"max-snippet:-1","max-image-preview":"max-image-preview:large","max-video-preview":"max-video-preview:-1"},"canonical":"https:\/\/www.dentaglobal.com\/it\/hekimler\/dds-phd-mehmet-sonmez\/","og_locale":"it_IT","og_type":"article","og_title":"DDS. PhD. Mehmet S\u00f6nmez - Dentaglobal","og_description":"Curriculum accademico 1973-1978 Universit\u00e0 Ege, Facolt\u00e0 di Odontoiatria 1989-1994 Universit\u00e0 Ege, Facolt\u00e0 di Odontoiatria, Dipartimento di Protesi","og_url":"https:\/\/www.dentaglobal.com\/it\/hekimler\/dds-phd-mehmet-sonmez\/","og_site_name":"Dentaglobal","article_publisher":"https:\/\/www.facebook.com\/dentaglobal","article_modified_time":"2025-07-28T10:18:53+00:00","og_image":[{"width":667,"height":1000,"url":"https:\/\/www.dentaglobal.com\/wp-content\/uploads\/2024\/09\/dscf2884_8f4f7-1.jpg","type":"image\/jpeg"}],"twitter_card":"summary_large_image","twitter_misc":{"Tempo di lettura stimato":"4 minuti"},"schema":{"@context":"https:\/\/schema.org","@graph":[{"@type":"WebPage","@id":"https:\/\/www.dentaglobal.com\/it\/hekimler\/dds-phd-mehmet-sonmez\/","url":"https:\/\/www.dentaglobal.com\/it\/hekimler\/dds-phd-mehmet-sonmez\/","name":"DDS. PhD. Mehmet S\u00f6nmez - Dentaglobal","isPartOf":{"@id":"https:\/\/www.dentaglobal.com\/it\/#website"},"primaryImageOfPage":{"@id":"https:\/\/www.dentaglobal.com\/it\/hekimler\/dds-phd-mehmet-sonmez\/#primaryimage"},"image":{"@id":"https:\/\/www.dentaglobal.com\/it\/hekimler\/dds-phd-mehmet-sonmez\/#primaryimage"},"thumbnailUrl":"https:\/\/www.dentaglobal.com\/wp-content\/uploads\/2024\/09\/dscf2884_8f4f7-1.jpg","datePublished":"2024-09-27T07:54:35+00:00","dateModified":"2025-07-28T10:18:53+00:00","description":"Curriculum accademico 1973-1978 Universit\u00e0 Ege, Facolt\u00e0 di Odontoiatria 1989-1994 Universit\u00e0 Ege, Facolt\u00e0 di Odontoiatria, Dipartimento di Protesi","breadcrumb":{"@id":"https:\/\/www.dentaglobal.com\/it\/hekimler\/dds-phd-mehmet-sonmez\/#breadcrumb"},"inLanguage":"it-IT","potentialAction":[{"@type":"ReadAction","target":["https:\/\/www.dentaglobal.com\/it\/hekimler\/dds-phd-mehmet-sonmez\/"]}]},{"@type":"ImageObject","inLanguage":"it-IT","@id":"https:\/\/www.dentaglobal.com\/it\/hekimler\/dds-phd-mehmet-sonmez\/#primaryimage","url":"https:\/\/www.dentaglobal.com\/wp-content\/uploads\/2024\/09\/dscf2884_8f4f7-1.jpg","contentUrl":"https:\/\/www.dentaglobal.com\/wp-content\/uploads\/2024\/09\/dscf2884_8f4f7-1.jpg","width":667,"height":1000},{"@type":"BreadcrumbList","@id":"https:\/\/www.dentaglobal.com\/it\/hekimler\/dds-phd-mehmet-sonmez\/#breadcrumb","itemListElement":[{"@type":"ListItem","position":1,"name":"Anasayfa","item":"https:\/\/www.dentaglobal.com\/it\/"},{"@type":"ListItem","position":2,"name":"DDS. PhD. Mehmet S\u00f6nmez"}]},{"@type":"WebSite","@id":"https:\/\/www.dentaglobal.com\/it\/#website","url":"https:\/\/www.dentaglobal.com\/it\/","name":"Dentaglobal Dental Clinic","description":"Everyone Smiles in Same Language","publisher":{"@id":"https:\/\/www.dentaglobal.com\/it\/#organization"},"potentialAction":[{"@type":"SearchAction","target":{"@type":"EntryPoint","urlTemplate":"https:\/\/www.dentaglobal.com\/it\/?s={search_term_string}"},"query-input":{"@type":"PropertyValueSpecification","valueRequired":true,"valueName":"search_term_string"}}],"inLanguage":"it-IT"},{"@type":"Organization","@id":"https:\/\/www.dentaglobal.com\/it\/#organization","name":"Dentaglobal Dental Clinic","url":"https:\/\/www.dentaglobal.com\/it\/","logo":{"@type":"ImageObject","inLanguage":"it-IT","@id":"https:\/\/www.dentaglobal.com\/it\/#\/schema\/logo\/image\/","url":"https:\/\/www.dentaglobal.com\/wp-content\/uploads\/2024\/10\/logo-en.png","contentUrl":"https:\/\/www.dentaglobal.com\/wp-content\/uploads\/2024\/10\/logo-en.png","width":343,"height":73,"caption":"Dentaglobal Dental Clinic"},"image":{"@id":"https:\/\/www.dentaglobal.com\/it\/#\/schema\/logo\/image\/"},"sameAs":["https:\/\/www.facebook.com\/dentaglobal","https:\/\/www.instagram.com\/dentaglobal\/","https:\/\/www.youtube.com\/channel\/UCTIlJImKSlGyEHsrNxcosVQ"]}]}},"_links":{"self":[{"href":"https:\/\/www.dentaglobal.com\/it\/wp-json\/wp\/v2\/hekimler\/5532","targetHints":{"allow":["GET"]}}],"collection":[{"href":"https:\/\/www.dentaglobal.com\/it\/wp-json\/wp\/v2\/hekimler"}],"about":[{"href":"https:\/\/www.dentaglobal.com\/it\/wp-json\/wp\/v2\/types\/hekimler"}],"wp:featuredmedia":[{"embeddable":true,"href":"https:\/\/www.dentaglobal.com\/it\/wp-json\/wp\/v2\/media\/5533"}],"wp:attachment":[{"href":"https:\/\/www.dentaglobal.com\/it\/wp-json\/wp\/v2\/media?parent=5532"}],"curies":[{"name":"wp","href":"https:\/\/api.w.org\/{rel}","templated":true}]}}