{"id":2715,"date":"2024-09-27T10:54:35","date_gmt":"2024-09-27T07:54:35","guid":{"rendered":"https:\/\/www.dentaglobal.com\/hekimler\/dr-dt-mehmet-sonmez\/"},"modified":"2024-10-15T13:07:58","modified_gmt":"2024-10-15T10:07:58","slug":"dds-phd-mehmet-sonmez","status":"publish","type":"hekimler","link":"https:\/\/www.dentaglobal.com\/de\/hekimler\/dds-phd-mehmet-sonmez\/","title":{"rendered":"DDS. PhD. Mehmet S\u00f6nmez"},"content":{"rendered":"\n<h3 class=\"wp-block-heading\">Akademischer Lebenslauf<\/h3>\n\n\n\n<ul class=\"wp-block-list\">\n<li>1973-1978 Ege Universit\u00e4t, Zahnmedizinische Fakult\u00e4t<\/li>\n\n\n\n<li>1989-1994 Ege Universit\u00e4t, Zahnmedizinische Fakult\u00e4t, Abteilung f\u00fcr Prothetik (PHD)<\/li>\n<\/ul>\n\n\n\n<h3 class=\"wp-block-heading\">Arbeitserfahrung<\/h3>\n\n\n\n<ul class=\"wp-block-list\">\n<li>1978-1979 - Kula \u00d6ffentliches Krankenhaus Kula \/ Manisa<\/li>\n\n\n\n<li>1979-1980 - \u015eirinyer 4. Medizinisches Zentrum \u015eirinyer \/ \u0130zmir<\/li>\n\n\n\n<li>1980 - \u0130zmir Medizinisches Zentrum \u0130zmir<\/li>\n\n\n\n<li>1980-1992 - \u0130zmir Konak Ausbildungs- und Zahnklinik \u0130zmir<\/li>\n\n\n\n<li>1992-1994 - Torbal\u0131 Medizinisches Zentrum Torbal\u0131\/\u0130zmir<\/li>\n\n\n\n<li>1994-2005 \u0130zmir \u00d6ffentliche Zahnklinik - Abteilung f\u00fcr Prothetik und Implantologie \u0130zmir\/T\u00fcrkei<\/li>\n\n\n\n<li>2005\u20132010 Dentim Zahnklinik<\/li>\n\n\n\n<li>2010-2018 CTG Zentrum f\u00fcr Mund- und Zahngesundheit<\/li>\n\n\n\n<li>2018- DENTAGLOBAL Poliklinik f\u00fcr Mund- und Zahngesundheit<\/li>\n<\/ul>\n\n\n\n<h3 class=\"wp-block-heading\">Klinische F\u00e4higkeiten<\/h3>\n\n\n\n<ul class=\"wp-block-list\">\n<li>Konventionelle Prothetik Anwendungen Implantologie Anwendungen<\/li>\n\n\n\n<li>Fortgeschrittene Restaurations- und Adh\u00e4sionsanwendungen<\/li>\n\n\n\n<li>Kieferorthop\u00e4die und implantatgest\u00fctzte Behandlung<\/li>\n<\/ul>\n\n\n\n<h3 class=\"wp-block-heading\">Berufliche Mitgliedschaften<\/h3>\n\n\n\n<ul class=\"wp-block-list\">\n<li>T\u00fcrkischer Verband f\u00fcr Implantologie<\/li>\n\n\n\n<li>Verband der T\u00fcrkischen Akademie f\u00fcr \u00c4sthetische Zahnmedizin<\/li>\n\n\n\n<li>Verband der Britischen Akademie f\u00fcr \u00c4sthetische Zahnmedizin<\/li>\n<\/ul>\n\n\n\n<h3 class=\"wp-block-heading\">Publikationen<\/h3>\n\n\n\n<ul class=\"wp-block-list\">\n<li>E Aras, S \u00c7\u00f6tert, M Sonmez , Y Kabaday\u0131, M Zora, M Alma\u00e7. Subperiostale, intraoss\u00e4re Implantatanwendungen: Bubperistische Implantate: Zeitschrift f\u00fcr orale Implantologie 1995:2:75-89<\/li>\n\n\n\n<li>2.E Aras, O Gunhan, HS \u00c7\u00f6tert, M S\u00f6nmez, B karc\u0131, M Alma\u00e7. Fragen und alternative L\u00f6sungen zu Implantatsystemen. Zahnmedizinische Fakult\u00e4t der Ege Universit\u00e4t, 1996: 17; 16-18.<\/li>\n\n\n\n<li>3.E Aras, O Gunhan, B Karc\u0131, S \u00c7\u00f6tert, M S\u00f6nmez, L Kabaday\u0131, Kombinierte Behandlungsmethoden und rekonstruktive Praktiken f\u00fcr die Implantat-Orthogenetik<\/li>\n\n\n\n<li>Wer, wann, was? 1. Internationaler t\u00fcrkischer Zahn\u00e4rzteverbandskongress, 1993 \u0130zmir M\u00fcndlicher Vortrag<\/li>\n\n\n\n<li>4. M S\u00f6nmez, E Aras, L Kabaday\u0131, Applikationsmethoden f\u00fcr Prothesen mit RP4- und RP5-Implantatst\u00fctzen. 2. Internationaler t\u00fcrkischer Zahn\u00e4rzteverbandskongress, 1994 \u0130zmir M\u00fcndlicher Vortrag<\/li>\n\n\n\n<li>M S\u00f6nmez, L Kabaday\u0131, O Berksan, E Aras. Probleme bei intraoss\u00e4ren Zahnersatzimplantaten: Eine 5-Jahres-Studie. 1. Nationaler t\u00fcrkischer Zahn\u00e4rzteverbandskongress, 1995 \u0130zmir, M\u00fcndlicher Vortrag<\/li>\n\n\n\n<li>M S\u00f6nmez, L Kabaday\u0131, M K\u00f6se, M Sabanc\u0131, O Berksan, E Aras. Verwendung von Polyacetal als L\u00f6sung f\u00fcr das Problem der intraoss\u00e4ren Implantatf\u00fcllungen, T\u00fcrkischer Zahn\u00e4rzteverband, Internationaler Kongress, 1995 Ankara, M\u00fcndlicher Vortrag<\/li>\n\n\n\n<li>\u00a0E Aras, S \u00c7\u00f6tert, M S\u00f6nmez, L Kabaday\u0131, Y Uran, M Alma\u00e7, M Zora, Dynamische Kompressionstechniken und Implantatstudien. Zahnmedizinische Fakult\u00e4t der Ege Universit\u00e4t, Forschungsprojekt der Abteilung f\u00fcr Prothetik 1995, \u0130zmir<\/li>\n\n\n\n<li>L Kabaday\u0131, M S\u00f6nmez, I K\u00fcrk\u00e7\u00fco\u011flu, Erfahrungen mit osseointegrierten Steri-oss-Implantaten: Eine 8-Jahres-Studie 4. Kongress der Balkan Stomatologischen Gesellschaft, Plakat-Pr\u00e4sentation. 1999, \u0130stanbul<\/li>\n\n\n\n<li>\u00a0S\u00f6nmez M. Prothetische Behandlungen von Misch P2, P4 und P5 Ereignissen. T\u00fcrkischer Verband f\u00fcr Prothetik und Implantologie. 4. Internationaler Kongress. 11-13 10.1991 Ankara, M\u00fcndlicher Vortrag<\/li>\n<\/ul>\n\n\n\n<h3 class=\"wp-block-heading\">Kurse<\/h3>\n\n\n\n<ul class=\"wp-block-list\">\n<li>Pulsoximetrie bei Inhalation, Sedierung bei Bewusstsein und Implantologie, Oralchirurgie und Endodontie. T\u00fcrkischer Verband f\u00fcr Prothetik und Implantologie. 4. Internationaler Kongress. 11-13 10.1991<\/li>\n\n\n\n<li>Chirurgische Behandlung von Prognathismus und offenen Wunden 2. Odivisionales Symposium f\u00fcr Hals-Nasen-Ohren-Heilkunde, Kopf- und Halskrankheiten 8-10 5.1992 \u0130zmir<\/li>\n\n\n\n<li>Sedierung durch Inhalation von Stickstoffproxid\/Sauerstoff. T\u00fcrkischer Zahn\u00e4rzteverband 1. Internationaler Kongress<\/li>\n\n\n\n<li>Implantologie, orthognathe Therapie, klassische und extreme Bedingungen. T\u00fcrkischer Zahn\u00e4rzteverband 1. Internationaler Kongress<\/li>\n<\/ul>\n","protected":false},"featured_media":864,"template":"","class_list":["post-2715","hekimler","type-hekimler","status-publish","has-post-thumbnail","hentry"],"yoast_head":"<!-- This site is optimized with the Yoast SEO plugin v27.5 - https:\/\/yoast.com\/product\/yoast-seo-wordpress\/ -->\n<title>DDS. PhD. Mehmet S\u00f6nmez - Dentaglobal<\/title>\n<meta name=\"description\" content=\"Akademischer Lebenslauf 1973-1978 Ege Universit\u00e4t, Zahnmedizinische Fakult\u00e4t 1989-1994 Ege Universit\u00e4t, Zahnmedizinische Fakult\u00e4t, Abteilung f\u00fcr Prothetik\" \/>\n<meta name=\"robots\" content=\"index, follow, max-snippet:-1, max-image-preview:large, max-video-preview:-1\" \/>\n<link rel=\"canonical\" href=\"https:\/\/www.dentaglobal.com\/de\/hekimler\/dds-phd-mehmet-sonmez\/\" \/>\n<meta property=\"og:locale\" content=\"de_DE\" \/>\n<meta property=\"og:type\" content=\"article\" \/>\n<meta property=\"og:title\" content=\"DDS. PhD. Mehmet S\u00f6nmez - Dentaglobal\" \/>\n<meta property=\"og:description\" content=\"Akademischer Lebenslauf 1973-1978 Ege Universit\u00e4t, Zahnmedizinische Fakult\u00e4t 1989-1994 Ege Universit\u00e4t, Zahnmedizinische Fakult\u00e4t, Abteilung f\u00fcr Prothetik\" \/>\n<meta property=\"og:url\" content=\"https:\/\/www.dentaglobal.com\/de\/hekimler\/dds-phd-mehmet-sonmez\/\" \/>\n<meta property=\"og:site_name\" content=\"Dentaglobal\" \/>\n<meta property=\"article:publisher\" content=\"https:\/\/www.facebook.com\/dentaglobal\" \/>\n<meta property=\"article:modified_time\" content=\"2024-10-15T10:07:58+00:00\" \/>\n<meta property=\"og:image\" content=\"https:\/\/www.dentaglobal.com\/wp-content\/uploads\/2024\/09\/dscf2884_8f4f7-1.jpg\" \/>\n\t<meta property=\"og:image:width\" content=\"667\" \/>\n\t<meta property=\"og:image:height\" content=\"1000\" \/>\n\t<meta property=\"og:image:type\" content=\"image\/jpeg\" \/>\n<meta name=\"twitter:card\" content=\"summary_large_image\" \/>\n<meta name=\"twitter:label1\" content=\"Gesch\u00e4tzte Lesezeit\" \/>\n\t<meta name=\"twitter:data1\" content=\"2\u00a0Minuten\" \/>\n<script type=\"application\/ld+json\" class=\"yoast-schema-graph\">{\"@context\":\"https:\\\/\\\/schema.org\",\"@graph\":[{\"@type\":\"WebPage\",\"@id\":\"https:\\\/\\\/www.dentaglobal.com\\\/de\\\/hekimler\\\/dds-phd-mehmet-sonmez\\\/\",\"url\":\"https:\\\/\\\/www.dentaglobal.com\\\/de\\\/hekimler\\\/dds-phd-mehmet-sonmez\\\/\",\"name\":\"DDS. PhD. Mehmet S\u00f6nmez - Dentaglobal\",\"isPartOf\":{\"@id\":\"https:\\\/\\\/www.dentaglobal.com\\\/de\\\/#website\"},\"primaryImageOfPage\":{\"@id\":\"https:\\\/\\\/www.dentaglobal.com\\\/de\\\/hekimler\\\/dds-phd-mehmet-sonmez\\\/#primaryimage\"},\"image\":{\"@id\":\"https:\\\/\\\/www.dentaglobal.com\\\/de\\\/hekimler\\\/dds-phd-mehmet-sonmez\\\/#primaryimage\"},\"thumbnailUrl\":\"https:\\\/\\\/www.dentaglobal.com\\\/wp-content\\\/uploads\\\/2024\\\/09\\\/dscf2884_8f4f7-1.jpg\",\"datePublished\":\"2024-09-27T07:54:35+00:00\",\"dateModified\":\"2024-10-15T10:07:58+00:00\",\"description\":\"Akademischer Lebenslauf 1973-1978 Ege Universit\u00e4t, Zahnmedizinische Fakult\u00e4t 1989-1994 Ege Universit\u00e4t, Zahnmedizinische Fakult\u00e4t, Abteilung f\u00fcr Prothetik\",\"breadcrumb\":{\"@id\":\"https:\\\/\\\/www.dentaglobal.com\\\/de\\\/hekimler\\\/dds-phd-mehmet-sonmez\\\/#breadcrumb\"},\"inLanguage\":\"de\",\"potentialAction\":[{\"@type\":\"ReadAction\",\"target\":[\"https:\\\/\\\/www.dentaglobal.com\\\/de\\\/hekimler\\\/dds-phd-mehmet-sonmez\\\/\"]}]},{\"@type\":\"ImageObject\",\"inLanguage\":\"de\",\"@id\":\"https:\\\/\\\/www.dentaglobal.com\\\/de\\\/hekimler\\\/dds-phd-mehmet-sonmez\\\/#primaryimage\",\"url\":\"https:\\\/\\\/www.dentaglobal.com\\\/wp-content\\\/uploads\\\/2024\\\/09\\\/dscf2884_8f4f7-1.jpg\",\"contentUrl\":\"https:\\\/\\\/www.dentaglobal.com\\\/wp-content\\\/uploads\\\/2024\\\/09\\\/dscf2884_8f4f7-1.jpg\",\"width\":667,\"height\":1000},{\"@type\":\"BreadcrumbList\",\"@id\":\"https:\\\/\\\/www.dentaglobal.com\\\/de\\\/hekimler\\\/dds-phd-mehmet-sonmez\\\/#breadcrumb\",\"itemListElement\":[{\"@type\":\"ListItem\",\"position\":1,\"name\":\"Anasayfa\",\"item\":\"https:\\\/\\\/www.dentaglobal.com\\\/de\\\/\"},{\"@type\":\"ListItem\",\"position\":2,\"name\":\"DDS. PhD. Mehmet S\u00f6nmez\"}]},{\"@type\":\"WebSite\",\"@id\":\"https:\\\/\\\/www.dentaglobal.com\\\/de\\\/#website\",\"url\":\"https:\\\/\\\/www.dentaglobal.com\\\/de\\\/\",\"name\":\"Dentaglobal Dental Clinic\",\"description\":\"Everyone Smiles in Same Language\",\"publisher\":{\"@id\":\"https:\\\/\\\/www.dentaglobal.com\\\/de\\\/#organization\"},\"potentialAction\":[{\"@type\":\"SearchAction\",\"target\":{\"@type\":\"EntryPoint\",\"urlTemplate\":\"https:\\\/\\\/www.dentaglobal.com\\\/de\\\/?s={search_term_string}\"},\"query-input\":{\"@type\":\"PropertyValueSpecification\",\"valueRequired\":true,\"valueName\":\"search_term_string\"}}],\"inLanguage\":\"de\"},{\"@type\":\"Organization\",\"@id\":\"https:\\\/\\\/www.dentaglobal.com\\\/de\\\/#organization\",\"name\":\"Dentaglobal Dental Clinic\",\"url\":\"https:\\\/\\\/www.dentaglobal.com\\\/de\\\/\",\"logo\":{\"@type\":\"ImageObject\",\"inLanguage\":\"de\",\"@id\":\"https:\\\/\\\/www.dentaglobal.com\\\/de\\\/#\\\/schema\\\/logo\\\/image\\\/\",\"url\":\"https:\\\/\\\/www.dentaglobal.com\\\/wp-content\\\/uploads\\\/2024\\\/10\\\/logo-en.png\",\"contentUrl\":\"https:\\\/\\\/www.dentaglobal.com\\\/wp-content\\\/uploads\\\/2024\\\/10\\\/logo-en.png\",\"width\":343,\"height\":73,\"caption\":\"Dentaglobal Dental Clinic\"},\"image\":{\"@id\":\"https:\\\/\\\/www.dentaglobal.com\\\/de\\\/#\\\/schema\\\/logo\\\/image\\\/\"},\"sameAs\":[\"https:\\\/\\\/www.facebook.com\\\/dentaglobal\",\"https:\\\/\\\/www.instagram.com\\\/dentaglobal\\\/\",\"https:\\\/\\\/www.youtube.com\\\/channel\\\/UCTIlJImKSlGyEHsrNxcosVQ\"]}]}<\/script>\n<!-- \/ Yoast SEO plugin. -->","yoast_head_json":{"title":"DDS. PhD. Mehmet S\u00f6nmez - Dentaglobal","description":"Akademischer Lebenslauf 1973-1978 Ege Universit\u00e4t, Zahnmedizinische Fakult\u00e4t 1989-1994 Ege Universit\u00e4t, Zahnmedizinische Fakult\u00e4t, Abteilung f\u00fcr Prothetik","robots":{"index":"index","follow":"follow","max-snippet":"max-snippet:-1","max-image-preview":"max-image-preview:large","max-video-preview":"max-video-preview:-1"},"canonical":"https:\/\/www.dentaglobal.com\/de\/hekimler\/dds-phd-mehmet-sonmez\/","og_locale":"de_DE","og_type":"article","og_title":"DDS. PhD. Mehmet S\u00f6nmez - Dentaglobal","og_description":"Akademischer Lebenslauf 1973-1978 Ege Universit\u00e4t, Zahnmedizinische Fakult\u00e4t 1989-1994 Ege Universit\u00e4t, Zahnmedizinische Fakult\u00e4t, Abteilung f\u00fcr Prothetik","og_url":"https:\/\/www.dentaglobal.com\/de\/hekimler\/dds-phd-mehmet-sonmez\/","og_site_name":"Dentaglobal","article_publisher":"https:\/\/www.facebook.com\/dentaglobal","article_modified_time":"2024-10-15T10:07:58+00:00","og_image":[{"width":667,"height":1000,"url":"https:\/\/www.dentaglobal.com\/wp-content\/uploads\/2024\/09\/dscf2884_8f4f7-1.jpg","type":"image\/jpeg"}],"twitter_card":"summary_large_image","twitter_misc":{"Gesch\u00e4tzte Lesezeit":"2\u00a0Minuten"},"schema":{"@context":"https:\/\/schema.org","@graph":[{"@type":"WebPage","@id":"https:\/\/www.dentaglobal.com\/de\/hekimler\/dds-phd-mehmet-sonmez\/","url":"https:\/\/www.dentaglobal.com\/de\/hekimler\/dds-phd-mehmet-sonmez\/","name":"DDS. PhD. Mehmet S\u00f6nmez - Dentaglobal","isPartOf":{"@id":"https:\/\/www.dentaglobal.com\/de\/#website"},"primaryImageOfPage":{"@id":"https:\/\/www.dentaglobal.com\/de\/hekimler\/dds-phd-mehmet-sonmez\/#primaryimage"},"image":{"@id":"https:\/\/www.dentaglobal.com\/de\/hekimler\/dds-phd-mehmet-sonmez\/#primaryimage"},"thumbnailUrl":"https:\/\/www.dentaglobal.com\/wp-content\/uploads\/2024\/09\/dscf2884_8f4f7-1.jpg","datePublished":"2024-09-27T07:54:35+00:00","dateModified":"2024-10-15T10:07:58+00:00","description":"Akademischer Lebenslauf 1973-1978 Ege Universit\u00e4t, Zahnmedizinische Fakult\u00e4t 1989-1994 Ege Universit\u00e4t, Zahnmedizinische Fakult\u00e4t, Abteilung f\u00fcr Prothetik","breadcrumb":{"@id":"https:\/\/www.dentaglobal.com\/de\/hekimler\/dds-phd-mehmet-sonmez\/#breadcrumb"},"inLanguage":"de","potentialAction":[{"@type":"ReadAction","target":["https:\/\/www.dentaglobal.com\/de\/hekimler\/dds-phd-mehmet-sonmez\/"]}]},{"@type":"ImageObject","inLanguage":"de","@id":"https:\/\/www.dentaglobal.com\/de\/hekimler\/dds-phd-mehmet-sonmez\/#primaryimage","url":"https:\/\/www.dentaglobal.com\/wp-content\/uploads\/2024\/09\/dscf2884_8f4f7-1.jpg","contentUrl":"https:\/\/www.dentaglobal.com\/wp-content\/uploads\/2024\/09\/dscf2884_8f4f7-1.jpg","width":667,"height":1000},{"@type":"BreadcrumbList","@id":"https:\/\/www.dentaglobal.com\/de\/hekimler\/dds-phd-mehmet-sonmez\/#breadcrumb","itemListElement":[{"@type":"ListItem","position":1,"name":"Anasayfa","item":"https:\/\/www.dentaglobal.com\/de\/"},{"@type":"ListItem","position":2,"name":"DDS. PhD. Mehmet S\u00f6nmez"}]},{"@type":"WebSite","@id":"https:\/\/www.dentaglobal.com\/de\/#website","url":"https:\/\/www.dentaglobal.com\/de\/","name":"Dentaglobal Dental Clinic","description":"Everyone Smiles in Same Language","publisher":{"@id":"https:\/\/www.dentaglobal.com\/de\/#organization"},"potentialAction":[{"@type":"SearchAction","target":{"@type":"EntryPoint","urlTemplate":"https:\/\/www.dentaglobal.com\/de\/?s={search_term_string}"},"query-input":{"@type":"PropertyValueSpecification","valueRequired":true,"valueName":"search_term_string"}}],"inLanguage":"de"},{"@type":"Organization","@id":"https:\/\/www.dentaglobal.com\/de\/#organization","name":"Dentaglobal Dental Clinic","url":"https:\/\/www.dentaglobal.com\/de\/","logo":{"@type":"ImageObject","inLanguage":"de","@id":"https:\/\/www.dentaglobal.com\/de\/#\/schema\/logo\/image\/","url":"https:\/\/www.dentaglobal.com\/wp-content\/uploads\/2024\/10\/logo-en.png","contentUrl":"https:\/\/www.dentaglobal.com\/wp-content\/uploads\/2024\/10\/logo-en.png","width":343,"height":73,"caption":"Dentaglobal Dental Clinic"},"image":{"@id":"https:\/\/www.dentaglobal.com\/de\/#\/schema\/logo\/image\/"},"sameAs":["https:\/\/www.facebook.com\/dentaglobal","https:\/\/www.instagram.com\/dentaglobal\/","https:\/\/www.youtube.com\/channel\/UCTIlJImKSlGyEHsrNxcosVQ"]}]}},"_links":{"self":[{"href":"https:\/\/www.dentaglobal.com\/de\/wp-json\/wp\/v2\/hekimler\/2715","targetHints":{"allow":["GET"]}}],"collection":[{"href":"https:\/\/www.dentaglobal.com\/de\/wp-json\/wp\/v2\/hekimler"}],"about":[{"href":"https:\/\/www.dentaglobal.com\/de\/wp-json\/wp\/v2\/types\/hekimler"}],"wp:featuredmedia":[{"embeddable":true,"href":"https:\/\/www.dentaglobal.com\/de\/wp-json\/wp\/v2\/media\/864"}],"wp:attachment":[{"href":"https:\/\/www.dentaglobal.com\/de\/wp-json\/wp\/v2\/media?parent=2715"}],"curies":[{"name":"wp","href":"https:\/\/api.w.org\/{rel}","templated":true}]}}